{"id":519,"date":"2026-08-23T02:57:21","date_gmt":"2026-08-23T02:57:21","guid":{"rendered":"http:\/\/nepyruibera.rominacechetto.com\/?page_id=519"},"modified":"2026-08-30T12:40:26","modified_gmt":"2026-08-30T12:40:26","slug":"mision-vision-y-valores","status":"publish","type":"page","link":"https:\/\/nepyruibera.rominacechetto.com\/pt\/mision-vision-y-valores\/","title":{"rendered":"Miss\u00e3o, Vis\u00e3o e Valores"},"content":{"rendered":"<p>[et_pb_section fb_built=\u00bb1&#8243; _builder_version=\u00bb4.27.7&#8243; _module_preset=\u00bbdefault\u00bb background_color=\u00bb#f3efe0&#8243; background_enable_pattern_style=\u00bbon\u00bb background_pattern_style=\u00bbtufted\u00bb background_pattern_color=\u00bb#F7F6F1&#8243; global_colors_info=\u00bb{}\u00bb][et_pb_row column_structure=\u00bb1_3,1_3,1_3&#8243; _builder_version=\u00bb4.27.7&#8243; _module_preset=\u00bbdefault\u00bb global_colors_info=\u00bb{}\u00bb][et_pb_column type=\u00bb1_3&#8243; _builder_version=\u00bb4.27.7&#8243; _module_preset=\u00bbdefault\u00bb global_colors_info=\u00bb{}\u00bb][et_pb_text _builder_version=\u00bb4.27.8&#8243; _module_preset=\u00bbdefault\u00bb header_2_font=\u00bbDM Serif Display||||||||\u00bb header_2_text_color=\u00bb#269615&#8243; header_2_font_size=\u00bb27px\u00bb header_2_letter_spacing=\u00bb1px\u00bb header_2_line_height=\u00bb1.4em\u00bb header_5_font=\u00bbAveria Serif Libre||on||||||\u00bb header_5_text_color=\u00bb#279e1a\u00bb header_5_line_height=\u00bb1.8em\u00bb width=\u00bb100%\u00bb max_width=\u00bb100%\u00bb custom_margin=\u00bb-24px||||false|false\u00bb custom_padding=\u00bb0px|7px||8px|false|false\u00bb hover_enabled=\u00bb0&#8243; border_width_all=\u00bb3px\u00bb border_color_all=\u00bb#0C71C3&#8243; box_shadow_style=\u00bbpreset4&#8243; box_shadow_color=\u00bb#28ef6e\u00bb global_colors_info=\u00bb{}\u00bb sticky_enabled=\u00bb0&#8243;]<\/p>\n<h2 data-section-id=\"cmsm3j\" data-start=\"1144\" data-end=\"1164\" class=\"PDq2pG_selectionAnchorContainer\" style=\"text-align: center;\">Nuestra misi\u00f3n<span aria-hidden=\"true\" class=\"PDq2pG_selectionAnchor\"><\/span><\/h2>\n<h5 data-start=\"1166\" data-end=\"1408\" style=\"text-align: justify;\"><strong data-start=\"1166\" data-end=\"1408\">Acercar los Esteros del Iber\u00e1 al viajero brasile\u00f1o mediante experiencias de ecoturismo responsable, aut\u00e9nticas y personalizadas, contribuyendo al mismo tiempo a la conservaci\u00f3n de la naturaleza y al desarrollo de las comunidades locales.<\/strong><\/h5>\n<p>[\/et_pb_text][et_pb_image src=\u00bbhttp:\/\/nepyruibera.rominacechetto.com\/wp-content\/uploads\/2026\/08\/fondo-web.png\u00bb title_text=\u00bbfondo web\u00bb _builder_version=\u00bb4.27.7&#8243; _module_preset=\u00bbdefault\u00bb min_height=\u00bb395px\u00bb custom_margin=\u00bb4px||||false|false\u00bb custom_padding=\u00bb57px||||false|false\u00bb border_radii=\u00bbon|11px|11px|11px|11px\u00bb border_width_all=\u00bb2px\u00bb border_color_all=\u00bb#F7F6F1&#8243; global_colors_info=\u00bb{}\u00bb][\/et_pb_image][\/et_pb_column][et_pb_column type=\u00bb1_3&#8243; _builder_version=\u00bb4.27.7&#8243; _module_preset=\u00bbdefault\u00bb global_colors_info=\u00bb{}\u00bb][et_pb_text _builder_version=\u00bb4.27.8&#8243; _module_preset=\u00bbdefault\u00bb header_2_font=\u00bbDM Serif Display||||||||\u00bb header_2_text_color=\u00bb#269615&#8243; header_2_font_size=\u00bb27px\u00bb header_2_letter_spacing=\u00bb1px\u00bb header_2_line_height=\u00bb1.4em\u00bb header_5_font=\u00bbAveria Serif Libre||on||||||\u00bb header_5_text_color=\u00bb#279e1a\u00bb header_5_line_height=\u00bb1.8em\u00bb width=\u00bb100%\u00bb max_width=\u00bb100%\u00bb custom_margin=\u00bb-24px||||false|false\u00bb custom_padding=\u00bb0px|7px||8px|false|false\u00bb hover_enabled=\u00bb0&#8243; border_width_all=\u00bb3px\u00bb border_color_all=\u00bb#0C71C3&#8243; box_shadow_style=\u00bbpreset4&#8243; box_shadow_color=\u00bb#28ef6e\u00bb global_colors_info=\u00bb{}\u00bb sticky_enabled=\u00bb0&#8243;]<\/p>\n<h2 style=\"text-align: center;\">Nuestra visi\u00f3n<span aria-hidden=\"true\" class=\"PDq2pG_selectionAnchor\"><\/span><\/h2>\n<h5 data-start=\"1437\" data-end=\"1712\"><strong data-start=\"1437\" data-end=\"1712\">Posicionar a \u00d1epyr\u0169 Iber\u00e1 como una referencia digital en turismo de naturaleza y sostenible, convirtiendo al Iber\u00e1 en un destino reconocido por el mercado brasile\u00f1o y promoviendo una forma de viajar basada en la conservaci\u00f3n, el respeto y la reconexi\u00f3n con la naturaleza.<\/strong><\/h5>\n<p>[\/et_pb_text][et_pb_text _builder_version=\u00bb4.27.7&#8243; _module_preset=\u00bbdefault\u00bb header_2_font=\u00bbDM Serif Display||||||||\u00bb header_2_text_color=\u00bb#269615&#8243; header_2_font_size=\u00bb27px\u00bb header_2_letter_spacing=\u00bb1px\u00bb header_2_line_height=\u00bb1.4em\u00bb header_5_font=\u00bbAveria Serif Libre||on||||||\u00bb header_5_text_color=\u00bb#279e1a\u00bb header_5_line_height=\u00bb2.8em\u00bb width=\u00bb100%\u00bb max_width=\u00bb100%\u00bb custom_margin=\u00bb8px||||false|false\u00bb custom_padding=\u00bb0px|7px|14px|8px|false|false\u00bb border_width_all=\u00bb3px\u00bb border_color_all=\u00bb#0C71C3&#8243; box_shadow_style=\u00bbpreset4&#8243; box_shadow_color=\u00bb#28ef6e\u00bb global_colors_info=\u00bb{}\u00bb]<\/p>\n<h2 data-section-id=\"18fd82t\" data-start=\"2553\" data-end=\"2576\" class=\"PDq2pG_selectionAnchorContainer\" style=\"text-align: center;\">Nuestro prop\u00f3sito<span aria-hidden=\"true\" class=\"PDq2pG_selectionAnchor\"><\/span><\/h2>\n<blockquote data-start=\"2578\" data-end=\"2872\">\n<h5 data-start=\"2580\" data-end=\"2872\" style=\"text-align: justify;\"><strong data-start=\"2580\" data-end=\"2619\">\u00d1epyr\u0169 significa un nuevo comienzo.<\/strong><br data-start=\"2619\" data-end=\"2622\" \/>Y eso es lo que queremos que cada viajero encuentre en el Iber\u00e1: un lugar donde la naturaleza demuestra su fuerza, donde la vida vuelve a florecer y donde cada viaje puede convertirse en una oportunidad para detenerse, respirar y comenzar de nuevo<\/h5>\n<\/blockquote>\n<p>[\/et_pb_text][\/et_pb_column][et_pb_column type=\u00bb1_3&#8243; _builder_version=\u00bb4.27.7&#8243; _module_preset=\u00bbdefault\u00bb global_colors_info=\u00bb{}\u00bb][et_pb_text _builder_version=\u00bb4.27.7&#8243; _module_preset=\u00bbdefault\u00bb header_2_font=\u00bbDM Serif Display||||||||\u00bb header_2_text_color=\u00bb#269615&#8243; header_2_font_size=\u00bb27px\u00bb header_2_letter_spacing=\u00bb1px\u00bb header_2_line_height=\u00bb1.4em\u00bb header_5_font=\u00bbAveria Serif Libre||on||||||\u00bb header_5_text_color=\u00bb#279e1a\u00bb header_5_line_height=\u00bb1.8em\u00bb width=\u00bb100%\u00bb max_width=\u00bb100%\u00bb custom_margin=\u00bb-24px|||0px|false|false\u00bb custom_padding=\u00bb0px|6px|2px|9px|false|false\u00bb border_width_all=\u00bb3px\u00bb border_color_all=\u00bb#0C71C3&#8243; box_shadow_style=\u00bbpreset4&#8243; box_shadow_color=\u00bb#28ef6e\u00bb global_colors_info=\u00bb{}\u00bb]<\/p>\n<h2 style=\"text-align: center;\">Nuestros valores<span aria-hidden=\"true\" class=\"PDq2pG_selectionAnchor\"><\/span><\/h2>\n<h5 data-start=\"1743\" data-end=\"1856\"><strong>Resiliencia<\/strong><br data-start=\"1758\" data-end=\"1761\" \/>Creemos en la capacidad de la naturaleza para recuperarse, transformarse y comenzar nuevamente.<\/h5>\n<h5 data-start=\"1858\" data-end=\"1975\"><strong>Sostenibilidad<\/strong><br data-start=\"1876\" data-end=\"1879\" \/>Promovemos un turismo que contribuya a conservar los ecosistemas y reduzca su impacto ambiental.<\/h5>\n<h5 data-start=\"1977\" data-end=\"2120\"><strong data-start=\"1977\" data-end=\"2005\">Conservaci\u00f3n y rewilding<\/strong><br data-start=\"2005\" data-end=\"2008\" \/>Valoramos la recuperaci\u00f3n de la biodiversidad y el papel del turismo responsable como aliado de la conservaci\u00f3n.<\/h5>\n<h5 data-start=\"2122\" data-end=\"2248\"><strong data-start=\"2122\" data-end=\"2138\">Autenticidad<\/strong><br data-start=\"2138\" data-end=\"2141\" \/>Buscamos ofrecer experiencias reales que conecten al viajero con la naturaleza, la cultura y el territorio.<\/h5>\n<h5 data-start=\"2250\" data-end=\"2411\"><strong data-start=\"2250\" data-end=\"2289\">Respeto por las comunidades locales<\/strong><br data-start=\"2289\" data-end=\"2292\" \/>Trabajamos desde la colaboraci\u00f3n con proveedores y actores locales para favorecer el desarrollo econ\u00f3mico de la regi\u00f3n.<\/h5>\n<h5 data-start=\"2413\" data-end=\"2546\"><strong data-start=\"2413\" data-end=\"2425\">Conexi\u00f3n<\/strong><br data-start=\"2425\" data-end=\"2428\" \/>Queremos que cada visitante no solo conozca el Iber\u00e1, sino que pueda <strong data-start=\"2497\" data-end=\"2545\">reconectar consigo mismo y con la naturaleza<\/strong>.<\/h5>\n<p>[\/et_pb_text][\/et_pb_column][\/et_pb_row][\/et_pb_section]<\/p>\n","protected":false},"excerpt":{"rendered":"<p>Nuestra misi\u00f3n Acercar los Esteros del Iber\u00e1 al viajero brasile\u00f1o mediante experiencias de ecoturismo responsable, aut\u00e9nticas y personalizadas, contribuyendo al mismo tiempo a la conservaci\u00f3n de la naturaleza y al desarrollo de las comunidades locales.Nuestra visi\u00f3n Posicionar a \u00d1epyr\u0169 Iber\u00e1 como una referencia digital en turismo de naturaleza y sostenible, convirtiendo al Iber\u00e1 en un [&hellip;]<\/p>\n","protected":false},"author":1,"featured_media":0,"parent":0,"menu_order":0,"comment_status":"closed","ping_status":"closed","template":"","meta":{"_et_pb_use_builder":"on","_et_pb_old_content":"<!-- wp:divi\/placeholder \/-->","_et_gb_content_width":"","_joinchat":[],"footnotes":""},"class_list":["post-519","page","type-page","status-publish","hentry"],"_links":{"self":[{"href":"https:\/\/nepyruibera.rominacechetto.com\/pt\/wp-json\/wp\/v2\/pages\/519","targetHints":{"allow":["GET"]}}],"collection":[{"href":"https:\/\/nepyruibera.rominacechetto.com\/pt\/wp-json\/wp\/v2\/pages"}],"about":[{"href":"https:\/\/nepyruibera.rominacechetto.com\/pt\/wp-json\/wp\/v2\/types\/page"}],"author":[{"embeddable":true,"href":"https:\/\/nepyruibera.rominacechetto.com\/pt\/wp-json\/wp\/v2\/users\/1"}],"replies":[{"embeddable":true,"href":"https:\/\/nepyruibera.rominacechetto.com\/pt\/wp-json\/wp\/v2\/comments?post=519"}],"version-history":[{"count":12,"href":"https:\/\/nepyruibera.rominacechetto.com\/pt\/wp-json\/wp\/v2\/pages\/519\/revisions"}],"predecessor-version":[{"id":882,"href":"https:\/\/nepyruibera.rominacechetto.com\/pt\/wp-json\/wp\/v2\/pages\/519\/revisions\/882"}],"wp:attachment":[{"href":"https:\/\/nepyruibera.rominacechetto.com\/pt\/wp-json\/wp\/v2\/media?parent=519"}],"curies":[{"name":"wp","href":"https:\/\/api.w.org\/{rel}","templated":true}]}}