{"id":493,"date":"2026-08-23T00:26:08","date_gmt":"2026-08-23T00:26:08","guid":{"rendered":"http:\/\/nepyruibera.rominacechetto.com\/?page_id=493"},"modified":"2026-08-23T23:25:24","modified_gmt":"2026-08-23T23:25:24","slug":"promociones","status":"publish","type":"page","link":"https:\/\/nepyruibera.rominacechetto.com\/pt\/promociones\/","title":{"rendered":"Promo\u00e7\u00f5es"},"content":{"rendered":"<p>[et_pb_section fb_built=\u00bb1&#8243; _builder_version=\u00bb4.27.7&#8243; _module_preset=\u00bbdefault\u00bb background_color=\u00bb#f3efe0&#8243; background_enable_pattern_style=\u00bbon\u00bb background_pattern_style=\u00bbtufted\u00bb background_pattern_color=\u00bb#F7F6F1&#8243; hover_enabled=\u00bb0&#8243; global_colors_info=\u00bb{}\u00bb sticky_enabled=\u00bb0&#8243;][et_pb_row _builder_version=\u00bb4.27.7&#8243; _module_preset=\u00bbdefault\u00bb global_colors_info=\u00bb{}\u00bb][et_pb_column type=\u00bb4_4&#8243; _builder_version=\u00bb4.27.7&#8243; _module_preset=\u00bbdefault\u00bb global_colors_info=\u00bb{}\u00bb][et_pb_text _builder_version=\u00bb4.27.7&#8243; _module_preset=\u00bbdefault\u00bb header_font=\u00bbDM Serif Display||||||||\u00bb header_text_color=\u00bb#138219&#8243; header_font_size=\u00bb35px\u00bb header_letter_spacing=\u00bb6px\u00bb custom_margin=\u00bb-30px||||false|false\u00bb global_colors_info=\u00bb{}\u00bb]<\/p>\n<h1 style=\"text-align: center;\"><strong>Viv\u00ed el Iber\u00e1<\/strong><\/h1>\n<p>[\/et_pb_text][\/et_pb_column][\/et_pb_row][et_pb_row column_structure=\u00bb1_2,1_2&#8243; _builder_version=\u00bb4.27.7&#8243; _module_preset=\u00bbdefault\u00bb global_colors_info=\u00bb{}\u00bb][et_pb_column type=\u00bb1_2&#8243; _builder_version=\u00bb4.27.7&#8243; _module_preset=\u00bbdefault\u00bb global_colors_info=\u00bb{}\u00bb][et_pb_image src=\u00bbhttp:\/\/nepyruibera.rominacechetto.com\/wp-content\/uploads\/2026\/08\/lancha.jpg\u00bb title_text=\u00bblancha\u00bb _builder_version=\u00bb4.27.7&#8243; _module_preset=\u00bbdefault\u00bb width=\u00bb77%\u00bb custom_margin=\u00bb-16px||||false|false\u00bb border_radii=\u00bbon|18px|18px|18px|18px\u00bb global_colors_info=\u00bb{}\u00bb][\/et_pb_image][\/et_pb_column][et_pb_column type=\u00bb1_2&#8243; _builder_version=\u00bb4.27.7&#8243; _module_preset=\u00bbdefault\u00bb global_colors_info=\u00bb{}\u00bb][et_pb_image src=\u00bbhttp:\/\/nepyruibera.rominacechetto.com\/wp-content\/uploads\/2026\/08\/senderos.jpg\u00bb title_text=\u00bbsenderos\u00bb _builder_version=\u00bb4.27.7&#8243; _module_preset=\u00bbdefault\u00bb width=\u00bb77%\u00bb custom_margin=\u00bb-16px||||false|false\u00bb border_radii=\u00bbon|18px|18px|18px|18px\u00bb global_colors_info=\u00bb{}\u00bb][\/et_pb_image][\/et_pb_column][\/et_pb_row][et_pb_row column_structure=\u00bb1_2,1_2&#8243; _builder_version=\u00bb4.27.7&#8243; _module_preset=\u00bbdefault\u00bb global_colors_info=\u00bb{}\u00bb][et_pb_column type=\u00bb1_2&#8243; _builder_version=\u00bb4.27.7&#8243; _module_preset=\u00bbdefault\u00bb global_colors_info=\u00bb{}\u00bb][et_pb_text _builder_version=\u00bb4.27.7&#8243; _module_preset=\u00bbdefault\u00bb header_4_font=\u00bbDM Serif Display||||||||\u00bb header_4_text_align=\u00bbleft\u00bb header_4_text_color=\u00bb#157c37&#8243; header_4_font_size=\u00bb16px\u00bb header_4_line_height=\u00bb0.9em\u00bb header_5_font=\u00bbAveria Serif Libre||||||||\u00bb header_5_text_align=\u00bbleft\u00bb header_5_text_color=\u00bb#229118&#8243; header_5_font_size=\u00bb13px\u00bb header_5_line_height=\u00bb0.9em\u00bb background_color=\u00bb#F7F6F1&#8243; min_height=\u00bb501.2px\u00bb custom_margin=\u00bb-22px|119px|-1px||false|false\u00bb custom_padding=\u00bb7px|0px|20px|5px|false|false\u00bb border_radii=\u00bbon|7px|7px|7px|7px\u00bb border_width_all=\u00bb3px\u00bb border_color_all=\u00bb#147713&#8243; global_colors_info=\u00bb{}\u00bb]<\/p>\n<h4 style=\"text-align: center;\"><strong>Experiencia \u00d1epyr\u0169 3D\/2N<\/strong><\/h4>\n<h4 style=\"text-align: center;\"><strong>Una primera conexi\u00f3n con la naturaleza del Iber\u00e1.<\/strong><\/h4>\n<h5>Pensado para viajeros que buscan una escapada corta, pero intensa, para descubrir la biodiversidad y los paisajes de los Esteros.<\/h5>\n<h4><strong>Incluye:<\/strong><\/h4>\n<ul>\n<li>\n<h5>2 noches de alojamiento sustentable.<\/h5>\n<\/li>\n<li>\n<h5>Traslados privados o semiprivados.<\/h5>\n<\/li>\n<li>\n<h5>Safari fotogr\u00e1fico en lancha.<\/h5>\n<\/li>\n<li>\n<h5>Observaci\u00f3n de fauna aut\u00f3ctona.<\/h5>\n<\/li>\n<li>\n<h5>Caminata guiada por senderos naturales.<\/h5>\n<\/li>\n<li>\n<h5>Experiencia gastron\u00f3mica correntina.<\/h5>\n<\/li>\n<li>\n<h5>Atenci\u00f3n y asesoramiento en portugu\u00e9s.<\/h5>\n<\/li>\n<li>\n<h5>Itinerario digital personalizado.<\/h5>\n<\/li>\n<\/ul>\n<h5><strong>3 d\u00edas para desconectar de la rutina y comenzar tu propio recomienzo en la naturaleza.<\/strong><\/h5>\n<h5><strong>Precio:<\/strong> <strong>US$ 380 por persona<\/strong><\/h5>\n<p>[\/et_pb_text][\/et_pb_column][et_pb_column type=\u00bb1_2&#8243; _builder_version=\u00bb4.27.7&#8243; _module_preset=\u00bbdefault\u00bb global_colors_info=\u00bb{}\u00bb][et_pb_text _builder_version=\u00bb4.27.7&#8243; _module_preset=\u00bbdefault\u00bb header_4_font=\u00bbDM Serif Display||||||||\u00bb header_4_text_align=\u00bbleft\u00bb header_4_text_color=\u00bb#157c37&#8243; header_4_font_size=\u00bb16px\u00bb header_4_line_height=\u00bb0.9em\u00bb header_5_font=\u00bbAveria Serif Libre||||||||\u00bb header_5_text_align=\u00bbleft\u00bb header_5_text_color=\u00bb#229118&#8243; header_5_font_size=\u00bb13px\u00bb header_5_line_height=\u00bb0.9em\u00bb background_color=\u00bb#F7F6F1&#8243; min_height=\u00bb504.2px\u00bb custom_margin=\u00bb-23px|119px|0px||false|false\u00bb custom_padding=\u00bb7px|0px|0px|5px|false|false\u00bb border_radii=\u00bbon|7px|7px|7px|7px\u00bb border_width_all=\u00bb3px\u00bb border_color_all=\u00bb#147713&#8243; global_colors_info=\u00bb{}\u00bb]<\/p>\n<h4 style=\"text-align: center;\"><strong>Experiencia \u00d1epyr\u0169 4D\/3N<\/strong><\/h4>\n<h4 style=\"text-align: center;\"><strong>Una inmersi\u00f3n m\u00e1s profunda en el Iber\u00e1.<\/strong><\/h4>\n<h5>Pensado para quienes desean disponer de m\u00e1s tiempo para conocer diferentes ambientes, observar fauna y disfrutar de una experiencia de naturaleza m\u00e1s completa.<\/h5>\n<h4><strong>Incluye:<\/strong><\/h4>\n<ul>\n<li>\n<h5>3 noches de alojamiento sustentable.<\/h5>\n<\/li>\n<li>\n<h5>Traslados privados o semiprivados.<\/h5>\n<\/li>\n<li>\n<h5>Safari fotogr\u00e1fico en lancha.<\/h5>\n<\/li>\n<li>\n<h5>Observaci\u00f3n de fauna y aves.<\/h5>\n<\/li>\n<li>\n<h5>Senderismo guiado.<\/h5>\n<\/li>\n<li>\n<h5>Experiencias de naturaleza y fotograf\u00eda.<\/h5>\n<\/li>\n<li>\n<h5>Gastronom\u00eda local.<\/h5>\n<\/li>\n<li>\n<h5>Itinerario digital personalizado.<\/h5>\n<\/li>\n<li>\n<h5>Atenci\u00f3n en portugu\u00e9s.<\/h5>\n<\/li>\n<li>\n<h5>Seguimiento y asistencia durante la estancia.<\/h5>\n<\/li>\n<\/ul>\n<h5><strong>4 d\u00edas para descubrir la fuerza de la naturaleza y vivir el Iber\u00e1 sin prisas.<\/strong><\/h5>\n<h5><strong>Precio: A consultar<\/strong><\/h5>\n<p>[\/et_pb_text][\/et_pb_column][\/et_pb_row][\/et_pb_section]<\/p>\n","protected":false},"excerpt":{"rendered":"<p>Viv\u00ed el Iber\u00e1Experiencia \u00d1epyr\u0169 3D\/2N Una primera conexi\u00f3n con la naturaleza del Iber\u00e1. Pensado para viajeros que buscan una escapada corta, pero intensa, para descubrir la biodiversidad y los paisajes de los Esteros. Incluye: 2 noches de alojamiento sustentable. Traslados privados o semiprivados. Safari fotogr\u00e1fico en lancha. Observaci\u00f3n de fauna aut\u00f3ctona. Caminata guiada por senderos [&hellip;]<\/p>\n","protected":false},"author":1,"featured_media":0,"parent":0,"menu_order":0,"comment_status":"closed","ping_status":"closed","template":"","meta":{"_et_pb_use_builder":"on","_et_pb_old_content":"<!-- wp:divi\/placeholder \/-->","_et_gb_content_width":"","_joinchat":[],"footnotes":""},"class_list":["post-493","page","type-page","status-publish","hentry"],"_links":{"self":[{"href":"https:\/\/nepyruibera.rominacechetto.com\/pt\/wp-json\/wp\/v2\/pages\/493","targetHints":{"allow":["GET"]}}],"collection":[{"href":"https:\/\/nepyruibera.rominacechetto.com\/pt\/wp-json\/wp\/v2\/pages"}],"about":[{"href":"https:\/\/nepyruibera.rominacechetto.com\/pt\/wp-json\/wp\/v2\/types\/page"}],"author":[{"embeddable":true,"href":"https:\/\/nepyruibera.rominacechetto.com\/pt\/wp-json\/wp\/v2\/users\/1"}],"replies":[{"embeddable":true,"href":"https:\/\/nepyruibera.rominacechetto.com\/pt\/wp-json\/wp\/v2\/comments?post=493"}],"version-history":[{"count":12,"href":"https:\/\/nepyruibera.rominacechetto.com\/pt\/wp-json\/wp\/v2\/pages\/493\/revisions"}],"predecessor-version":[{"id":600,"href":"https:\/\/nepyruibera.rominacechetto.com\/pt\/wp-json\/wp\/v2\/pages\/493\/revisions\/600"}],"wp:attachment":[{"href":"https:\/\/nepyruibera.rominacechetto.com\/pt\/wp-json\/wp\/v2\/media?parent=493"}],"curies":[{"name":"wp","href":"https:\/\/api.w.org\/{rel}","templated":true}]}}