{"id":392,"date":"2026-08-21T01:37:35","date_gmt":"2026-08-21T01:37:35","guid":{"rendered":"http:\/\/nepyruibera.rominacechetto.com\/?page_id=392"},"modified":"2026-08-23T23:21:53","modified_gmt":"2026-08-23T23:21:53","slug":"nuestros-destinos","status":"publish","type":"page","link":"https:\/\/nepyruibera.rominacechetto.com\/pt\/nuestros-destinos\/","title":{"rendered":"Nossos destinos"},"content":{"rendered":"<p>[et_pb_section fb_built=\u00bb1&#8243; _builder_version=\u00bb4.27.7&#8243; _module_preset=\u00bbdefault\u00bb background_color=\u00bb#f3efe0&#8243; background_enable_pattern_style=\u00bbon\u00bb background_pattern_style=\u00bbtufted\u00bb background_pattern_color=\u00bb#F7F6F1&#8243; filter_opacity=\u00bb88%\u00bb hover_enabled=\u00bb0&#8243; global_colors_info=\u00bb{}\u00bb sticky_enabled=\u00bb0&#8243;][et_pb_row _builder_version=\u00bb4.27.7&#8243; _module_preset=\u00bbdefault\u00bb global_colors_info=\u00bb{}\u00bb][et_pb_column type=\u00bb4_4&#8243; _builder_version=\u00bb4.27.7&#8243; _module_preset=\u00bbdefault\u00bb global_colors_info=\u00bb{}\u00bb][et_pb_text _builder_version=\u00bb4.27.7&#8243; _module_preset=\u00bbdefault\u00bb header_font=\u00bbDM Serif Display||||||||\u00bb header_text_color=\u00bb#2d9918&#8243; header_letter_spacing=\u00bb1px\u00bb header_4_font=\u00bbAveria Serif Libre||||||||\u00bb header_4_text_color=\u00bb#1f8413&#8243; header_4_font_size=\u00bb16px\u00bb global_colors_info=\u00bb{}\u00bb]<\/p>\n<h1 style=\"text-align: center;\">Portales de entrada a la magia y resiliencia del Iber\u00e1<\/h1>\n<h4 style=\"text-align: justify;\">Cada portal de acceso a los Esteros del Iber\u00e1 ofrece una experiencia \u00fanica y singular. Desde la tradici\u00f3n cultural y el encanto de sus pueblos hasta la inmensidad de la fauna silvestre en estado puro, te invitamos a explorar las distintas puertas de entrada a esta gran reserva natural.<\/h4>\n<p>[\/et_pb_text][\/et_pb_column][\/et_pb_row][et_pb_row column_structure=\u00bb1_3,1_3,1_3&#8243; _builder_version=\u00bb4.27.7&#8243; _module_preset=\u00bbdefault\u00bb global_colors_info=\u00bb{}\u00bb][et_pb_column type=\u00bb1_3&#8243; _builder_version=\u00bb4.27.7&#8243; _module_preset=\u00bbdefault\u00bb global_colors_info=\u00bb{}\u00bb][et_pb_text _builder_version=\u00bb4.27.7&#8243; _module_preset=\u00bbdefault\u00bb header_3_font=\u00bbDM Serif Display||||||||\u00bb header_3_text_color=\u00bb#F7F6F1&#8243; header_3_font_size=\u00bb18px\u00bb background_image=\u00bbhttp:\/\/nepyruibera.rominacechetto.com\/wp-content\/uploads\/2026\/08\/pellegrini.jpg\u00bb width=\u00bb83%\u00bb max_width=\u00bb78%\u00bb height=\u00bb185px\u00bb custom_margin=\u00bb-11px||||false|false\u00bb custom_padding=\u00bb17px||||false|false\u00bb border_width_all=\u00bb3px\u00bb border_color_all=\u00bb#0C71C3&#8243; global_colors_info=\u00bb{}\u00bb]<\/p>\n<h3 style=\"text-align: center;\"><strong><em>Portal Laguna Iber\u00e1<\/em><\/strong><\/h3>\n<p>[\/et_pb_text][et_pb_toggle title=\u00bbExplor\u00e1\u00bb open_toggle_text_color=\u00bb#035e15&#8243; open_toggle_background_color=\u00bb#7d9600&#8243; closed_toggle_text_color=\u00bb#04126d\u00bb closed_toggle_background_color=\u00bb#F7F6F1&#8243; icon_color=\u00bb#11770f\u00bb toggle_icon=\u00bb&#xe048;||divi||400&#8243; use_icon_font_size=\u00bbon\u00bb icon_font_size=\u00bb25px\u00bb open_icon_color=\u00bb#0C71C3&#8243; open_use_icon_font_size=\u00bbon\u00bb open_icon_font_size=\u00bb23px\u00bb _builder_version=\u00bb4.27.7&#8243; _module_preset=\u00bbdefault\u00bb title_level=\u00bbh2&#8243; title_font=\u00bbDM Serif Display||||||||\u00bb title_text_align=\u00bbjustify\u00bb title_font_size=\u00bb14px\u00bb closed_title_font=\u00bbDM Serif Display||||||||\u00bb closed_title_text_align=\u00bbcenter\u00bb closed_title_font_size=\u00bb23px\u00bb closed_title_letter_spacing=\u00bb1px\u00bb closed_title_line_height=\u00bb1em\u00bb body_font=\u00bbAveria Serif Libre||||||||\u00bb body_text_align=\u00bbjustify\u00bb body_text_color=\u00bb#035e15&#8243; background_color=\u00bbrgba(7,136,183,0.45)\u00bb custom_margin=\u00bb|69px||-2px|false|false\u00bb custom_padding=\u00bb0px|7px|4px|7px|false|false\u00bb border_width_all=\u00bb3px\u00bb border_color_all=\u00bb#0C71C3&#8243; global_colors_info=\u00bb{}\u00bb]<\/p>\n<h5><em><strong>Portal Laguna Iber\u00e1<\/strong>\u00a0est\u00e1 ubicado en el pintoresco pueblo de\u00a0<strong>Carlos Pellegrini<\/strong>, dentro del Departamento de Mercedes. Se encuentra a 120 km de Mercedes (de los cuales 70 km son de ripio) y a 360 km de la capital correntina.<\/em><\/h5>\n<h5><em>Es el portal m\u00e1s desarrollado en cuanto a oferta tur\u00edstica. Cuenta con\u00a035 alojamientos\u00a0con distintos niveles de servicios, desde hoteles boutique con gastronom\u00eda incluida hasta hospedajes m\u00e1s sencillos. Existen dos campings de primer nivel para los visitantes m\u00e1s osados.<\/em><\/h5>\n<h5><em><strong>Actividades destacadas:<\/strong>\u00a0excursiones en lancha, paseos en kayak, safaris fotogr\u00e1ficos, avistaje de aves, senderismo nocturno y diurno, cabalgatas, astroturismo y visitas a artesanos locales.<\/em><\/h5>\n<h5><em>Para su ingreso se debe adquirir una entrada, que permite la visita al uso p\u00fablico y sus instalaciones durante cinco d\u00edas. Los trekking pueden hacerse solos o acompa\u00f1ados por gu\u00edas habilitados<\/em><\/h5>\n<p>[\/et_pb_toggle][\/et_pb_column][et_pb_column type=\u00bb1_3&#8243; _builder_version=\u00bb4.27.7&#8243; _module_preset=\u00bbdefault\u00bb global_colors_info=\u00bb{}\u00bb][et_pb_text _builder_version=\u00bb4.27.7&#8243; _module_preset=\u00bbdefault\u00bb header_3_font=\u00bbDM Serif Display||||||||\u00bb header_3_text_color=\u00bb#F7F6F1&#8243; header_3_font_size=\u00bb19px\u00bb background_image=\u00bbhttp:\/\/nepyruibera.rominacechetto.com\/wp-content\/uploads\/2026\/08\/Portal.jpg\u00bb width=\u00bb83%\u00bb max_width=\u00bb78%\u00bb height=\u00bb185px\u00bb custom_margin=\u00bb-11px||||false|false\u00bb custom_padding=\u00bb17px||||false|false\u00bb border_width_all=\u00bb3px\u00bb border_color_all=\u00bb#0C71C3&#8243; global_colors_info=\u00bb{}\u00bb]<\/p>\n<h3 style=\"text-align: center;\"><em><strong>Portal Cambyret\u00e1<\/strong><\/em><\/h3>\n<p>[\/et_pb_text][et_pb_toggle title=\u00bbExplor\u00e1\u00bb open_toggle_text_color=\u00bb#035e15&#8243; open_toggle_background_color=\u00bb#7d9600&#8243; closed_toggle_text_color=\u00bb#04126d\u00bb closed_toggle_background_color=\u00bb#F7F6F1&#8243; icon_color=\u00bb#11770f\u00bb toggle_icon=\u00bb&#xe048;||divi||400&#8243; use_icon_font_size=\u00bbon\u00bb icon_font_size=\u00bb25px\u00bb open_icon_color=\u00bb#0C71C3&#8243; open_use_icon_font_size=\u00bbon\u00bb open_icon_font_size=\u00bb23px\u00bb _builder_version=\u00bb4.27.7&#8243; _module_preset=\u00bbdefault\u00bb title_level=\u00bbh2&#8243; title_font=\u00bbDM Serif Display||||||||\u00bb title_text_align=\u00bbjustify\u00bb title_font_size=\u00bb14px\u00bb closed_title_font=\u00bbDM Serif Display||||||||\u00bb closed_title_text_align=\u00bbcenter\u00bb closed_title_font_size=\u00bb23px\u00bb closed_title_letter_spacing=\u00bb1px\u00bb closed_title_line_height=\u00bb1em\u00bb body_font=\u00bbAveria Serif Libre||||||||\u00bb body_text_align=\u00bbjustify\u00bb body_text_color=\u00bb#035e15&#8243; background_color=\u00bbrgba(7,136,183,0.45)\u00bb custom_margin=\u00bb|69px||-2px|false|false\u00bb custom_padding=\u00bb0px|7px|4px|7px|false|false\u00bb border_width_all=\u00bb3px\u00bb border_color_all=\u00bb#0C71C3&#8243; global_colors_info=\u00bb{}\u00bb]<\/p>\n<h5><em><strong>Cambyret\u00e1<\/strong>, al norte de los Esteros del Iber\u00e1 y a solo 15 km de la localidad de Ituzaing\u00f3, es uno de los portales preferidos de quienes gustan de ver aves y fauna. Es un gran lugar para acampar en medio de la inmensidad, disfrutar de la calma del paisaje en soledad y prestar atenci\u00f3n a los sonidos de la naturaleza.<\/em><\/h5>\n<h5><em>A 230 km de Corrientes, 15 km de Ituzaing\u00f3 y 8 km de Villa Olivari por RN 12. Se accede al camino que lleva al Portal, luego hay que recorrer 29 km de ripio y tierra consolidada. Este camino es \u00abvecinal\u00bb, por lo que es obligatorio el cierre de tranqueras y guardaganados.<\/em><\/h5>\n<p>[\/et_pb_toggle][\/et_pb_column][et_pb_column type=\u00bb1_3&#8243; _builder_version=\u00bb4.27.7&#8243; _module_preset=\u00bbdefault\u00bb global_colors_info=\u00bb{}\u00bb][et_pb_text _builder_version=\u00bb4.27.7&#8243; _module_preset=\u00bbdefault\u00bb header_font=\u00bbDM Serif Display||||||||\u00bb header_3_font=\u00bbDM Serif Display||||||||\u00bb header_3_text_color=\u00bb#F7F6F1&#8243; header_3_font_size=\u00bb19px\u00bb background_image=\u00bbhttp:\/\/nepyruibera.rominacechetto.com\/wp-content\/uploads\/2026\/08\/san-antonio.jpg\u00bb width=\u00bb83%\u00bb max_width=\u00bb78%\u00bb height=\u00bb185px\u00bb custom_margin=\u00bb-11px||||false|false\u00bb custom_padding=\u00bb17px||||false|false\u00bb border_width_all=\u00bb3px\u00bb border_color_all=\u00bb#0C71C3&#8243; global_colors_info=\u00bb{}\u00bb]<\/p>\n<h3 style=\"text-align: center;\"><em><strong>Portal San Antonio<\/strong><\/em><\/h3>\n<p>[\/et_pb_text][et_pb_toggle title=\u00bbExplor\u00e1\u00bb open_toggle_text_color=\u00bb#035e15&#8243; open_toggle_background_color=\u00bb#7d9600&#8243; closed_toggle_text_color=\u00bb#04126d\u00bb closed_toggle_background_color=\u00bb#F7F6F1&#8243; icon_color=\u00bb#11770f\u00bb toggle_icon=\u00bb&#xe048;||divi||400&#8243; use_icon_font_size=\u00bbon\u00bb icon_font_size=\u00bb25px\u00bb open_icon_color=\u00bb#0C71C3&#8243; open_use_icon_font_size=\u00bbon\u00bb open_icon_font_size=\u00bb23px\u00bb _builder_version=\u00bb4.27.7&#8243; _module_preset=\u00bbdefault\u00bb title_level=\u00bbh2&#8243; title_font=\u00bbDM Serif Display||||||||\u00bb title_text_align=\u00bbjustify\u00bb title_font_size=\u00bb14px\u00bb closed_title_font=\u00bbDM Serif Display||||||||\u00bb closed_title_text_align=\u00bbcenter\u00bb closed_title_font_size=\u00bb23px\u00bb closed_title_letter_spacing=\u00bb1px\u00bb closed_title_line_height=\u00bb1em\u00bb body_font=\u00bbAveria Serif Libre||||||||\u00bb body_text_align=\u00bbjustify\u00bb body_text_color=\u00bb#000000&#8243; background_color=\u00bbrgba(7,136,183,0.45)\u00bb custom_margin=\u00bb|69px||-2px|false|false\u00bb custom_padding=\u00bb0px|7px|4px|7px|false|false\u00bb border_width_all=\u00bb3px\u00bb border_color_all=\u00bb#0C71C3&#8243; global_colors_info=\u00bb{}\u00bb]<\/p>\n<h5 style=\"text-align: justify;\"><em>El Portal San Antonio es un acceso sereno y aut\u00e9ntico al Gran Parque Iber\u00e1. Se caracteriza por sus extensos paisajes de embalsados, lagunas y la oportunidad de disfrutar de la naturaleza en un ritmo pausado. Es un espacio ideal para actividades de bajo impacto como senderismo, traves\u00edas en kayak o canoa a botador y avistamiento de fauna local (carpinchos, yacar\u00e9s, ciervos de los pantanos y una gran diversidad de aves).<\/em><\/h5>\n<h5 style=\"text-align: justify;\"><em><strong>Ubicaci\u00f3n y c\u00f3mo llegar: <\/strong>Se encuentra a pocos kil\u00f3metros del municipio de <strong>Loreto<\/strong>, en el norte de la provincia de Corrientes, Argentina.<\/em><\/h5>\n<h5 style=\"text-align: justify;\"><em><strong>Acceso vial:<\/strong> Se accede desde la Ruta Nacional 118, tomando el camino de ingreso hacia la localidad de Loreto y siguiendo por el camino de calzada natural de tierra\/ripio que conduce al portal.<\/em><\/h5>\n<p>[\/et_pb_toggle][\/et_pb_column][\/et_pb_row][et_pb_row column_structure=\u00bb1_3,1_3,1_3&#8243; _builder_version=\u00bb4.27.7&#8243; _module_preset=\u00bbdefault\u00bb global_colors_info=\u00bb{}\u00bb][et_pb_column type=\u00bb1_3&#8243; _builder_version=\u00bb4.27.7&#8243; _module_preset=\u00bbdefault\u00bb global_colors_info=\u00bb{}\u00bb][et_pb_text _builder_version=\u00bb4.27.7&#8243; _module_preset=\u00bbdefault\u00bb header_3_font=\u00bbDM Serif Display||||||||\u00bb header_3_text_color=\u00bb#F7F6F1&#8243; header_3_font_size=\u00bb18px\u00bb background_image=\u00bbhttp:\/\/nepyruibera.rominacechetto.com\/wp-content\/uploads\/2026\/08\/PortalGalarza1.webp\u00bb width=\u00bb83%\u00bb max_width=\u00bb78%\u00bb height=\u00bb185px\u00bb custom_margin=\u00bb-11px||||false|false\u00bb custom_padding=\u00bb17px||||false|false\u00bb border_width_all=\u00bb3px\u00bb border_color_all=\u00bb#0C71C3&#8243; global_colors_info=\u00bb{}\u00bb]<\/p>\n<h3 style=\"text-align: center;\"><strong><em>Portal Galarza<\/em><\/strong><\/h3>\n<p>[\/et_pb_text][et_pb_toggle title=\u00bbExplor\u00e1\u00bb open_toggle_text_color=\u00bb#035e15&#8243; open_toggle_background_color=\u00bb#7d9600&#8243; closed_toggle_text_color=\u00bb#04126d\u00bb closed_toggle_background_color=\u00bb#F7F6F1&#8243; icon_color=\u00bb#11770f\u00bb toggle_icon=\u00bb&#xe048;||divi||400&#8243; use_icon_font_size=\u00bbon\u00bb icon_font_size=\u00bb25px\u00bb open_icon_color=\u00bb#0C71C3&#8243; open_use_icon_font_size=\u00bbon\u00bb open_icon_font_size=\u00bb23px\u00bb _builder_version=\u00bb4.27.7&#8243; _module_preset=\u00bbdefault\u00bb title_level=\u00bbh2&#8243; title_font=\u00bbDM Serif Display||||||||\u00bb title_text_align=\u00bbjustify\u00bb title_font_size=\u00bb14px\u00bb closed_title_font=\u00bbDM Serif Display||||||||\u00bb closed_title_text_align=\u00bbcenter\u00bb closed_title_font_size=\u00bb23px\u00bb closed_title_letter_spacing=\u00bb1px\u00bb closed_title_line_height=\u00bb1em\u00bb body_font=\u00bbAveria Serif Libre||||||||\u00bb body_text_align=\u00bbjustify\u00bb body_text_color=\u00bb#035e15&#8243; background_color=\u00bbrgba(7,136,183,0.45)\u00bb custom_margin=\u00bb|69px||-2px|false|false\u00bb custom_padding=\u00bb0px|7px|4px|7px|false|false\u00bb border_width_all=\u00bb3px\u00bb border_color_all=\u00bb#0C71C3&#8243; global_colors_info=\u00bb{}\u00bb]<\/p>\n<h5 style=\"text-align: justify;\"><em><strong>Portal Galarza<\/strong>\u00a0se encuentra a 318 km de Corrientes (capital), 120 km de Posadas (Misiones), 100 km de Ituzaing\u00f3 por RN12, a 125 km de Santo Tom\u00e9 por RN14 y a 80 km de Virasoro por RP37. El portal est\u00e1 sobre la ruta provincial 41, la misma es de ripio. El Portal se encuentra en el Paraje Galarza y cuenta con un alojamiento ecotur\u00edstico.<\/em><\/h5>\n<h5 style=\"text-align: justify;\"><em>En el Portal Galarza, ubicado al este de los Esteros del Iber\u00e1, se puede navegar la\u00a0<strong>laguna Galarza<\/strong>\u00a0y sorprenderse con el horizonte infinito de la\u00a0<strong>laguna Luna<\/strong>, la m\u00e1s grande del sistema Iber\u00e1 (hay salidas nocturnas).<\/em><\/h5>\n<h5 style=\"text-align: justify;\"><em>Tambi\u00e9n se puede hacer\u00a0avistaje de fauna, caminatas, visitar establecimientos yerbateros,\u00a0ruinas jesu\u00edticas\u00a0y alojarse en estancias.<\/em><\/h5>\n<h5 style=\"text-align: justify;\"><em>Colonia Galarza est\u00e1 sobre la misma ruta que Carlos Pellegrini, donde las lagunas de los humedales del Iber\u00e1 y su ecosistema constituyen gran parte del patrimonio cultural correntino y representan una de las \u00e1reas biol\u00f3gicas destacadas de Argentina y Am\u00e9rica del Sur.<\/em><\/h5>\n<p>[\/et_pb_toggle][\/et_pb_column][et_pb_column type=\u00bb1_3&#8243; _builder_version=\u00bb4.27.7&#8243; _module_preset=\u00bbdefault\u00bb global_colors_info=\u00bb{}\u00bb][et_pb_text _builder_version=\u00bb4.27.7&#8243; _module_preset=\u00bbdefault\u00bb header_font=\u00bbAveria Serif Libre||||||||\u00bb header_text_color=\u00bb#000000&#8243; header_3_font=\u00bbDM Serif Display||||||||\u00bb header_3_text_color=\u00bb#98999b\u00bb header_3_font_size=\u00bb19px\u00bb background_image=\u00bbhttp:\/\/nepyruibera.rominacechetto.com\/wp-content\/uploads\/2026\/08\/portaluguay1.webp\u00bb width=\u00bb83%\u00bb max_width=\u00bb78%\u00bb height=\u00bb185px\u00bb custom_margin=\u00bb-11px||||false|false\u00bb custom_padding=\u00bb17px||||false|false\u00bb border_width_all=\u00bb3px\u00bb border_color_all=\u00bb#0C71C3&#8243; global_colors_info=\u00bb{}\u00bb]<\/p>\n<h3 style=\"text-align: center;\"><em><strong>Portal Uguay<\/strong><\/em><\/h3>\n<p>[\/et_pb_text][et_pb_toggle title=\u00bbExplor\u00e1\u00bb open_toggle_text_color=\u00bb#035e15&#8243; open_toggle_background_color=\u00bb#7d9600&#8243; closed_toggle_text_color=\u00bb#04126d\u00bb closed_toggle_background_color=\u00bb#F7F6F1&#8243; icon_color=\u00bb#11770f\u00bb toggle_icon=\u00bb&#xe048;||divi||400&#8243; use_icon_font_size=\u00bbon\u00bb icon_font_size=\u00bb25px\u00bb open_icon_color=\u00bb#0C71C3&#8243; open_use_icon_font_size=\u00bbon\u00bb open_icon_font_size=\u00bb23px\u00bb _builder_version=\u00bb4.27.7&#8243; _module_preset=\u00bbdefault\u00bb title_level=\u00bbh2&#8243; title_font=\u00bbDM Serif Display||||||||\u00bb title_text_align=\u00bbjustify\u00bb title_font_size=\u00bb14px\u00bb closed_title_font=\u00bbDM Serif Display||||||||\u00bb closed_title_text_align=\u00bbcenter\u00bb closed_title_font_size=\u00bb23px\u00bb closed_title_letter_spacing=\u00bb1px\u00bb closed_title_line_height=\u00bb1em\u00bb body_font=\u00bbAveria Serif Libre||||||||\u00bb body_text_align=\u00bbjustify\u00bb body_text_color=\u00bb#035e15&#8243; background_color=\u00bbrgba(7,136,183,0.45)\u00bb custom_margin=\u00bb|69px||-2px|false|false\u00bb custom_padding=\u00bb0px|7px|4px|7px|false|false\u00bb border_width_all=\u00bb3px\u00bb border_color_all=\u00bb#0C71C3&#8243; global_colors_info=\u00bb{}\u00bb]<\/p>\n<h5><em>Uguay\u00a0(en guaran\u00ed significa \u00abfondo con agua\u00bb o \u00abrinc\u00f3n chico\u00bb) es un remoto paraje correntino donde cerca de 20 familias viven dentro de la Reserva Natural Iber\u00e1. El paraje se encuentra a 82 km de Mercedes y 32 km de Colonia Carlos Pellegrini por RP40.<\/em><\/h5>\n<h5><em>El paraje muestra un paisaje tradicional donde los \u00e1rboles de espinillo y \u00f1andubay dan sombra al ganado de los peque\u00f1os productores. Cuenta con un\u00a0\u00abalmac\u00e9n de campo\u00bb\u00a0donde adquirir productos b\u00e1sicos.<\/em><\/h5>\n<h5><em>Posada Uguay\u00a0es la puerta de acceso a la reserva\u00a0Guaz\u00fa-Cuar\u00e9\u00a0(en guaran\u00ed significa \u00abrefugio del ciervo\u00bb), una iniciativa privada dedicada a preservar 40 hect\u00e1reas de monte nativo, pastizal y costa del estero. El personal de la posada procede del paraje y est\u00e1 listo para compartir con los hu\u00e9spedes su conocimiento de la zona junto a sus recetas de cocina tradicionales.<\/em><\/h5>\n<h5><em>Actividades en el portal:\u00a0navegaci\u00f3n por la\u00a0laguna Fern\u00e1ndez, avistaje de flora y fauna, caminatas por senderos naturales, cabalgatas por el paraje y visita a artesanos. Desde la posada Uguay se puede vivir lo m\u00e1s aut\u00e9ntico del Iber\u00e1: sus paisajes, la diversidad de especies y las tradiciones de quienes habitan esta tierra.<\/em><\/h5>\n<p>[\/et_pb_toggle][\/et_pb_column][et_pb_column type=\u00bb1_3&#8243; _builder_version=\u00bb4.27.7&#8243; _module_preset=\u00bbdefault\u00bb global_colors_info=\u00bb{}\u00bb][et_pb_text _builder_version=\u00bb4.27.7&#8243; _module_preset=\u00bbdefault\u00bb header_3_font=\u00bbDM Serif Display||||||||\u00bb header_3_text_color=\u00bb#F7F6F1&#8243; header_3_font_size=\u00bb19px\u00bb background_image=\u00bbhttp:\/\/nepyruibera.rominacechetto.com\/wp-content\/uploads\/2026\/08\/capivari1.webp\u00bb width=\u00bb83%\u00bb max_width=\u00bb78%\u00bb height=\u00bb185px\u00bb custom_margin=\u00bb-11px||||false|false\u00bb custom_padding=\u00bb17px||||false|false\u00bb border_width_all=\u00bb3px\u00bb border_color_all=\u00bb#0C71C3&#8243; global_colors_info=\u00bb{}\u00bb]<\/p>\n<h3 style=\"text-align: center;\"><em><strong>Portal Capivar\u00ed<\/strong><\/em><\/h3>\n<p>[\/et_pb_text][et_pb_toggle title=\u00bbExplor\u00e1\u00bb open_toggle_text_color=\u00bb#035e15&#8243; open_toggle_background_color=\u00bb#7d9600&#8243; closed_toggle_text_color=\u00bb#04126d\u00bb closed_toggle_background_color=\u00bb#F7F6F1&#8243; icon_color=\u00bb#11770f\u00bb toggle_icon=\u00bb&#xe048;||divi||400&#8243; use_icon_font_size=\u00bbon\u00bb icon_font_size=\u00bb25px\u00bb open_icon_color=\u00bb#0C71C3&#8243; open_use_icon_font_size=\u00bbon\u00bb open_icon_font_size=\u00bb23px\u00bb _builder_version=\u00bb4.27.7&#8243; _module_preset=\u00bbdefault\u00bb title_level=\u00bbh2&#8243; title_font=\u00bbDM Serif Display||||||||\u00bb title_text_align=\u00bbjustify\u00bb title_font_size=\u00bb14px\u00bb closed_title_font=\u00bbDM Serif Display||||||||\u00bb closed_title_text_align=\u00bbcenter\u00bb closed_title_font_size=\u00bb23px\u00bb closed_title_letter_spacing=\u00bb1px\u00bb closed_title_line_height=\u00bb1em\u00bb body_font=\u00bbAveria Serif Libre||||||||\u00bb body_text_align=\u00bbjustify\u00bb body_text_color=\u00bb#000000&#8243; background_color=\u00bbrgba(7,136,183,0.45)\u00bb custom_margin=\u00bb|69px||-2px|false|false\u00bb custom_padding=\u00bb0px|7px|4px|7px|false|false\u00bb border_width_all=\u00bb3px\u00bb border_color_all=\u00bb#0C71C3&#8243; global_colors_info=\u00bb{}\u00bb]<\/p>\n<h5 style=\"text-align: justify;\"><em>Portal Capivar\u00ed\u00a0es uno de los accesos principales al Gran Parque Iber\u00e1 en la provincia de Corrientes. Se encuentra aproximadamente a 330 km de Corrientes Capital.<\/em><\/h5>\n<h5 style=\"text-align: justify;\"><em>C\u00f3mo llegar:\u00a0Hacia Mercedes tomar la Ruta Nacional 12 en direcci\u00f3n sur, luego la Ruta Nacional 123 hasta llegar a la ciudad de Mercedes. El acceso al portal se realiza por la Ruta Provincial 40. Son unos 85 km adicionales, de los cuales los primeros 40 km est\u00e1n asfaltados y los restantes 45 km son de ripio consolidado.<\/em><\/h5>\n<p>[\/et_pb_toggle][\/et_pb_column][\/et_pb_row][\/et_pb_section]<\/p>\n","protected":false},"excerpt":{"rendered":"<p>Portales de entrada a la magia y resiliencia del Iber\u00e1 Cada portal de acceso a los Esteros del Iber\u00e1 ofrece una experiencia \u00fanica y singular. Desde la tradici\u00f3n cultural y el encanto de sus pueblos hasta la inmensidad de la fauna silvestre en estado puro, te invitamos a explorar las distintas puertas de entrada a [&hellip;]<\/p>\n","protected":false},"author":1,"featured_media":0,"parent":0,"menu_order":0,"comment_status":"closed","ping_status":"closed","template":"","meta":{"_et_pb_use_builder":"on","_et_pb_old_content":"<!-- wp:divi\/placeholder \/-->","_et_gb_content_width":"","_joinchat":[],"footnotes":""},"class_list":["post-392","page","type-page","status-publish","hentry"],"_links":{"self":[{"href":"https:\/\/nepyruibera.rominacechetto.com\/pt\/wp-json\/wp\/v2\/pages\/392","targetHints":{"allow":["GET"]}}],"collection":[{"href":"https:\/\/nepyruibera.rominacechetto.com\/pt\/wp-json\/wp\/v2\/pages"}],"about":[{"href":"https:\/\/nepyruibera.rominacechetto.com\/pt\/wp-json\/wp\/v2\/types\/page"}],"author":[{"embeddable":true,"href":"https:\/\/nepyruibera.rominacechetto.com\/pt\/wp-json\/wp\/v2\/users\/1"}],"replies":[{"embeddable":true,"href":"https:\/\/nepyruibera.rominacechetto.com\/pt\/wp-json\/wp\/v2\/comments?post=392"}],"version-history":[{"count":34,"href":"https:\/\/nepyruibera.rominacechetto.com\/pt\/wp-json\/wp\/v2\/pages\/392\/revisions"}],"predecessor-version":[{"id":598,"href":"https:\/\/nepyruibera.rominacechetto.com\/pt\/wp-json\/wp\/v2\/pages\/392\/revisions\/598"}],"wp:attachment":[{"href":"https:\/\/nepyruibera.rominacechetto.com\/pt\/wp-json\/wp\/v2\/media?parent=392"}],"curies":[{"name":"wp","href":"https:\/\/api.w.org\/{rel}","templated":true}]}}