{"id":163,"date":"2026-08-16T00:17:27","date_gmt":"2026-08-16T00:17:27","guid":{"rendered":"http:\/\/nepyruibera.rominacechetto.com\/?page_id=163"},"modified":"2026-08-23T23:18:58","modified_gmt":"2026-08-23T23:18:58","slug":"experiencias","status":"publish","type":"page","link":"https:\/\/nepyruibera.rominacechetto.com\/pt\/experiencias\/","title":{"rendered":"Experi\u00eancias no Iber\u00e1"},"content":{"rendered":"<p>[et_pb_section fb_built=\u00bb1&#8243; _builder_version=\u00bb4.27.7&#8243; _module_preset=\u00bbdefault\u00bb background_color=\u00bb#f3efe0&#8243; background_enable_pattern_style=\u00bbon\u00bb background_pattern_style=\u00bbtufted\u00bb background_pattern_color=\u00bb#F7F6F1&#8243; background_enable_mask_style=\u00bbon\u00bb background_mask_color=\u00bbRGBA(255,255,255,0)\u00bb hover_enabled=\u00bb0&#8243; global_colors_info=\u00bb{}\u00bb sticky_enabled=\u00bb0&#8243;][et_pb_row _builder_version=\u00bb4.27.7&#8243; _module_preset=\u00bbdefault\u00bb global_colors_info=\u00bb{}\u00bb][et_pb_column type=\u00bb4_4&#8243; _builder_version=\u00bb4.27.7&#8243; _module_preset=\u00bbdefault\u00bb global_colors_info=\u00bb{}\u00bb][et_pb_text _builder_version=\u00bb4.27.7&#8243; _module_preset=\u00bbdefault\u00bb header_font=\u00bbDM Serif Display||||||||\u00bb header_text_color=\u00bb#7CDA24&#8243; header_font_size=\u00bb35px\u00bb header_4_font=\u00bbAveria Serif Libre||||||||\u00bb header_4_text_color=\u00bb#169320&#8243; custom_margin=\u00bb-37px||||false|false\u00bb global_colors_info=\u00bb{}\u00bb]<\/p>\n<h4 style=\"text-align: center;\"><strong><span class=\"eth-label\">Experiencias incluidas en tu estad\u00eda<\/span><\/strong><\/h4>\n<h1 style=\"text-align: center;\"><strong>Seis maneras de conocer el Iber\u00e1<\/strong><\/h1>\n<h4 class=\"eth-xp-pill\" style=\"text-align: center;\">Todo incluido en tu tarifa<\/h4>\n<p>[\/et_pb_text][et_pb_text _builder_version=\u00bb4.27.7&#8243; _module_preset=\u00bbdefault\u00bb header_text_color=\u00bb#0C71C3&#8243; header_3_font=\u00bbDM Serif Display||||||||\u00bb header_3_text_color=\u00bb#0C71C3&#8243; header_4_font=\u00bbAveria Serif Libre||on||||||\u00bb header_4_text_color=\u00bb#0C71C3&#8243; custom_margin=\u00bb0px||||false|false\u00bb global_colors_info=\u00bb{}\u00bb]<\/p>\n<h3 style=\"text-align: center;\"><em><strong>En el agua<\/strong><\/em><\/h3>\n<p>[\/et_pb_text][\/et_pb_column][\/et_pb_row][et_pb_row column_structure=\u00bb1_4,1_4,1_4,1_4&#8243; _builder_version=\u00bb4.27.7&#8243; _module_preset=\u00bbdefault\u00bb global_colors_info=\u00bb{}\u00bb][et_pb_column type=\u00bb1_4&#8243; _builder_version=\u00bb4.27.7&#8243; _module_preset=\u00bbdefault\u00bb global_colors_info=\u00bb{}\u00bb][et_pb_image src=\u00bbhttp:\/\/nepyruibera.rominacechetto.com\/wp-content\/uploads\/2026\/08\/paseo-lancha.webp\u00bb title_text=\u00bbpaseo lancha\u00bb _builder_version=\u00bb4.27.7&#8243; _module_preset=\u00bbdefault\u00bb width=\u00bb90%\u00bb min_height=\u00bb235px\u00bb border_width_all=\u00bb3px\u00bb border_color_all=\u00bb#0C71C3&#8243; global_colors_info=\u00bb{}\u00bb][\/et_pb_image][\/et_pb_column][et_pb_column type=\u00bb1_4&#8243; _builder_version=\u00bb4.27.7&#8243; _module_preset=\u00bbdefault\u00bb global_colors_info=\u00bb{}\u00bb][et_pb_text _builder_version=\u00bb4.27.7&#8243; _module_preset=\u00bbdefault\u00bb header_3_font=\u00bbDM Serif Display||||||||\u00bb header_3_text_align=\u00bbcenter\u00bb header_3_text_color=\u00bb#061c6d\u00bb header_5_font=\u00bbAveria Serif Libre||||||||\u00bb header_5_text_color=\u00bb#061c6d\u00bb header_5_font_size=\u00bb14px\u00bb header_6_font=\u00bbAveria Serif Libre||||||||\u00bb header_6_text_color=\u00bb#061c6d\u00bb custom_margin=\u00bb|52px|11px|-66px|false|false\u00bb custom_padding=\u00bb35px|13px|0px|2px|false|false\u00bb border_width_all=\u00bb2px\u00bb border_color_all=\u00bb#061c6d\u00bb global_colors_info=\u00bb{}\u00bb]<\/p>\n<h6 class=\"eth-card-dur\">Aprox. 2 horas<\/h6>\n<h3 style=\"text-align: center;\"><strong>Paseo en Lancha<\/strong><\/h3>\n<h5 style=\"text-align: justify;\">Navegaci\u00f3n por el arroyo Carambola en nuestra embarcaci\u00f3n propia, la \u00fanica de su tipo en el portal. El recorrido incluye paradas para avistaje de yacar\u00e9s, carpinchos, ciervos de los pantanos y una gran variedad de aves. Sale desde el Puerto Juli Cu\u00e9.<\/h5>\n<h5 class=\"eth-card-foot\" style=\"text-align: justify;\"><em><strong><span class=\"eth-badge-inc\">Incluido<\/span><\/strong><\/em><\/h5>\n<p>[\/et_pb_text][\/et_pb_column][et_pb_column type=\u00bb1_4&#8243; _builder_version=\u00bb4.27.7&#8243; _module_preset=\u00bbdefault\u00bb global_colors_info=\u00bb{}\u00bb][et_pb_image src=\u00bbhttp:\/\/nepyruibera.rominacechetto.com\/wp-content\/uploads\/2026\/08\/kayak1.webp\u00bb title_text=\u00bbkayak1&#8243; _builder_version=\u00bb4.27.7&#8243; _module_preset=\u00bbdefault\u00bb width=\u00bb90%\u00bb min_height=\u00bb235px\u00bb border_width_all=\u00bb3px\u00bb border_color_all=\u00bb#0C71C3&#8243; global_colors_info=\u00bb{}\u00bb][\/et_pb_image][\/et_pb_column][et_pb_column type=\u00bb1_4&#8243; _builder_version=\u00bb4.27.7&#8243; _module_preset=\u00bbdefault\u00bb global_colors_info=\u00bb{}\u00bb][et_pb_text _builder_version=\u00bb4.27.7&#8243; _module_preset=\u00bbdefault\u00bb header_3_font=\u00bbDM Serif Display||||||||\u00bb header_3_text_align=\u00bbcenter\u00bb header_3_text_color=\u00bb#061c6d\u00bb header_5_font=\u00bbAveria Serif Libre||||||||\u00bb header_5_text_color=\u00bb#061c6d\u00bb header_5_font_size=\u00bb14px\u00bb header_6_font=\u00bbAveria Serif Libre||||||||\u00bb header_6_text_color=\u00bb#061c6d\u00bb custom_margin=\u00bb|54px|6px|-66px|false|false\u00bb custom_padding=\u00bb35px|8px|0px|1px|false|false\u00bb border_width_all=\u00bb2px\u00bb border_color_all=\u00bb#061c6d\u00bb global_colors_info=\u00bb{}\u00bb]<\/p>\n<h5 class=\"eth-card-dur\">Aprox. 2 horas<\/h5>\n<h3><strong>Kayak<\/strong><\/h3>\n<h5>Remando en silencio por el arroyo Carambolita: sin motor, sin ruido, a ras del agua. La manera m\u00e1s \u00edntima de acercarse a la flora y fauna del entorno. Un encuentro directo con la naturaleza que solo el ritmo del remo hace posible. Sale desde el Puerto Juli Cu\u00e9.<\/h5>\n<h5 class=\"eth-card-foot\"><em><strong><span class=\"eth-badge-inc\">Incluido<\/span><\/strong><\/em><\/h5>\n<p>[\/et_pb_text][\/et_pb_column][\/et_pb_row][\/et_pb_section][et_pb_section fb_built=\u00bb1&#8243; _builder_version=\u00bb4.27.7&#8243; _module_preset=\u00bbdefault\u00bb background_color=\u00bb#f3efe0&#8243; background_enable_pattern_style=\u00bbon\u00bb background_pattern_style=\u00bbtufted\u00bb background_pattern_color=\u00bb#F7F6F1&#8243; custom_margin=\u00bb-125px||||false|false\u00bb hover_enabled=\u00bb0&#8243; global_colors_info=\u00bb{}\u00bb sticky_enabled=\u00bb0&#8243;][et_pb_row _builder_version=\u00bb4.27.7&#8243; _module_preset=\u00bbdefault\u00bb global_colors_info=\u00bb{}\u00bb][et_pb_column type=\u00bb4_4&#8243; _builder_version=\u00bb4.27.7&#8243; _module_preset=\u00bbdefault\u00bb global_colors_info=\u00bb{}\u00bb][et_pb_text _builder_version=\u00bb4.27.7&#8243; _module_preset=\u00bbdefault\u00bb header_2_font=\u00bbDM Serif Display||||||||\u00bb header_2_text_color=\u00bb#E09900&#8243; header_2_font_size=\u00bb22px\u00bb global_colors_info=\u00bb{}\u00bb]<\/p>\n<h2 style=\"text-align: center;\"><em><strong>Tierra adentro<\/strong><\/em><\/h2>\n<p>[\/et_pb_text][\/et_pb_column][\/et_pb_row][et_pb_row column_structure=\u00bb1_4,1_4,1_4,1_4&#8243; _builder_version=\u00bb4.27.7&#8243; _module_preset=\u00bbdefault\u00bb global_colors_info=\u00bb{}\u00bb][et_pb_column type=\u00bb1_4&#8243; _builder_version=\u00bb4.27.7&#8243; _module_preset=\u00bbdefault\u00bb global_colors_info=\u00bb{}\u00bb][et_pb_image src=\u00bbhttp:\/\/nepyruibera.rominacechetto.com\/wp-content\/uploads\/2026\/08\/cabalgata.jpg\u00bb title_text=\u00bbcabalgata\u00bb _builder_version=\u00bb4.27.7&#8243; _module_preset=\u00bbdefault\u00bb width=\u00bb90%\u00bb min_height=\u00bb235px\u00bb border_width_all=\u00bb3px\u00bb border_color_all=\u00bb#0C71C3&#8243; global_colors_info=\u00bb{}\u00bb][\/et_pb_image][\/et_pb_column][et_pb_column type=\u00bb1_4&#8243; _builder_version=\u00bb4.27.7&#8243; _module_preset=\u00bbdefault\u00bb global_colors_info=\u00bb{}\u00bb][et_pb_text _builder_version=\u00bb4.27.7&#8243; _module_preset=\u00bbdefault\u00bb header_3_font=\u00bbDM Serif Display||||||||\u00bb header_3_text_align=\u00bbcenter\u00bb header_3_text_color=\u00bb#061c6d\u00bb header_5_font=\u00bbAveria Serif Libre||||||||\u00bb header_5_text_color=\u00bb#061c6d\u00bb header_5_font_size=\u00bb14px\u00bb header_6_font=\u00bbAveria Serif Libre||||||||\u00bb header_6_text_color=\u00bb#061c6d\u00bb custom_margin=\u00bb0px|64px|11px|-66px|false|false\u00bb custom_padding=\u00bb18px|12px|32px|2px|false|false\u00bb border_width_all=\u00bb2px\u00bb border_color_all=\u00bb#061c6d\u00bb global_colors_info=\u00bb{}\u00bb]<\/p>\n<h5 class=\"eth-card-dur\">2 a 3 horas<\/h5>\n<h3><em><strong>Cabalgata al Refugio<\/strong><\/em><\/h3>\n<h5>Acompa\u00f1ados de gu\u00edas locales, el recorrido parte a 10 minutos del lodge y atraviesa ba\u00f1ados y pastizales hasta llegar a un refugio t\u00edpico donde se disfruta una merienda en plena naturaleza.<\/h5>\n<h5 class=\"eth-card-foot\"><em><span class=\"eth-badge-inc\">Incluido<\/span><\/em><\/h5>\n<p>[\/et_pb_text][\/et_pb_column][et_pb_column type=\u00bb1_4&#8243; _builder_version=\u00bb4.27.7&#8243; _module_preset=\u00bbdefault\u00bb global_colors_info=\u00bb{}\u00bb][et_pb_image src=\u00bbhttp:\/\/nepyruibera.rominacechetto.com\/wp-content\/uploads\/2026\/08\/canoa.webp\u00bb title_text=\u00bbcanoa\u00bb _builder_version=\u00bb4.27.7&#8243; _module_preset=\u00bbdefault\u00bb width=\u00bb90%\u00bb min_height=\u00bb235px\u00bb border_width_all=\u00bb3px\u00bb border_color_all=\u00bb#0C71C3&#8243; global_colors_info=\u00bb{}\u00bb][\/et_pb_image][\/et_pb_column][et_pb_column type=\u00bb1_4&#8243; _builder_version=\u00bb4.27.7&#8243; _module_preset=\u00bbdefault\u00bb global_colors_info=\u00bb{}\u00bb][et_pb_text _builder_version=\u00bb4.27.7&#8243; _module_preset=\u00bbdefault\u00bb header_3_font=\u00bbDM Serif Display||||||||\u00bb header_3_text_align=\u00bbcenter\u00bb header_3_text_color=\u00bb#061c6d\u00bb header_5_font=\u00bbAveria Serif Libre||||||||\u00bb header_5_text_color=\u00bb#061c6d\u00bb header_5_font_size=\u00bb14px\u00bb header_6_font=\u00bbAveria Serif Libre||||||||\u00bb header_6_text_color=\u00bb#061c6d\u00bb custom_margin=\u00bb|54px|6px|-66px|false|false\u00bb custom_padding=\u00bb18px|7px|32px|2px|false|false\u00bb border_width_all=\u00bb2px\u00bb border_color_all=\u00bb#061c6d\u00bb global_colors_info=\u00bb{}\u00bb]<\/p>\n<h5 class=\"eth-card-dur\">2 a 3 horas<\/h5>\n<h3 style=\"text-align: center;\">Canoa Tirada a Caballo<\/h3>\n<h5>Pr\u00e1ctica ancestral de los baqueanos del Portal Carambola y la forma de transporte tradicional de los lugare\u00f1os. No existe en ning\u00fan otro portal del Iber\u00e1. Incluye avistaje de flora y fauna local y parada en un refugio t\u00edpico.<\/h5>\n<h5 class=\"eth-card-foot\"><em><span class=\"eth-badge-inc\">Incluido<\/span><\/em><\/h5>\n<p>[\/et_pb_text][\/et_pb_column][\/et_pb_row][\/et_pb_section][et_pb_section fb_built=\u00bb1&#8243; _builder_version=\u00bb4.27.7&#8243; _module_preset=\u00bbdefault\u00bb background_color=\u00bb#f3efe0&#8243; background_enable_pattern_style=\u00bbon\u00bb background_pattern_style=\u00bbtufted\u00bb background_pattern_color=\u00bb#F7F6F1&#8243; custom_margin=\u00bb-109px||||false|false\u00bb hover_enabled=\u00bb0&#8243; global_colors_info=\u00bb{}\u00bb sticky_enabled=\u00bb0&#8243;][et_pb_row _builder_version=\u00bb4.27.7&#8243; _module_preset=\u00bbdefault\u00bb global_colors_info=\u00bb{}\u00bb][et_pb_column type=\u00bb4_4&#8243; _builder_version=\u00bb4.27.7&#8243; _module_preset=\u00bbdefault\u00bb global_colors_info=\u00bb{}\u00bb][et_pb_text _builder_version=\u00bb4.27.7&#8243; _module_preset=\u00bbdefault\u00bb header_2_font=\u00bbDM Serif Display||||||||\u00bb header_2_text_color=\u00bb#a05013&#8243; header_2_font_size=\u00bb22px\u00bb header_2_letter_spacing=\u00bb1px\u00bb global_colors_info=\u00bb{}\u00bb]<\/p>\n<h2 style=\"text-align: center;\"><em><strong>Noche y cielo<\/strong><\/em><\/h2>\n<p>[\/et_pb_text][\/et_pb_column][\/et_pb_row][et_pb_row column_structure=\u00bb1_4,1_4,1_4,1_4&#8243; _builder_version=\u00bb4.27.7&#8243; _module_preset=\u00bbdefault\u00bb global_colors_info=\u00bb{}\u00bb][et_pb_column type=\u00bb1_4&#8243; _builder_version=\u00bb4.27.7&#8243; _module_preset=\u00bbdefault\u00bb global_colors_info=\u00bb{}\u00bb][et_pb_image src=\u00bbhttp:\/\/nepyruibera.rominacechetto.com\/wp-content\/uploads\/2026\/08\/cielo.webp\u00bb title_text=\u00bbcielo\u00bb _builder_version=\u00bb4.27.7&#8243; _module_preset=\u00bbdefault\u00bb width=\u00bb90%\u00bb min_height=\u00bb235px\u00bb border_width_all=\u00bb3px\u00bb border_color_all=\u00bb#0C71C3&#8243; global_colors_info=\u00bb{}\u00bb][\/et_pb_image][\/et_pb_column][et_pb_column type=\u00bb1_4&#8243; _builder_version=\u00bb4.27.7&#8243; _module_preset=\u00bbdefault\u00bb global_colors_info=\u00bb{}\u00bb][et_pb_text _builder_version=\u00bb4.27.7&#8243; _module_preset=\u00bbdefault\u00bb header_3_font=\u00bbDM Serif Display||||||||\u00bb header_3_text_align=\u00bbcenter\u00bb header_3_text_color=\u00bb#061c6d\u00bb header_5_font=\u00bbAveria Serif Libre||||||||\u00bb header_5_text_color=\u00bb#061c6d\u00bb header_5_font_size=\u00bb14px\u00bb header_6_font=\u00bbAveria Serif Libre||||||||\u00bb header_6_text_color=\u00bb#061c6d\u00bb custom_margin=\u00bb0px|64px|11px|-66px|false|false\u00bb custom_padding=\u00bb9px|12px|0px|2px|false|false\u00bb border_width_all=\u00bb2px\u00bb border_color_all=\u00bb#061c6d\u00bb global_colors_info=\u00bb{}\u00bb]<\/p>\n<h5 class=\"eth-card-dur\">Variable<\/h5>\n<h3 style=\"text-align: center;\">Cielo del Iber\u00e1<\/h3>\n<h5 style=\"text-align: justify;\">Lejos de cualquier contaminaci\u00f3n lum\u00ednica, los esteros ofrecen uno de los cielos nocturnos m\u00e1s limpios de Argentina. La V\u00eda L\u00e1ctea, constelaciones del hemisferio sur y estrellas fugaces a simple vista: una experiencia de contemplaci\u00f3n que sola justifica el viaje.<\/h5>\n<h5 class=\"eth-card-foot\" style=\"text-align: justify;\"><strong><em><span class=\"eth-badge-inc\">Incluido<\/span><\/em><\/strong><\/h5>\n<p>[\/et_pb_text][\/et_pb_column][et_pb_column type=\u00bb1_4&#8243; _builder_version=\u00bb4.27.7&#8243; _module_preset=\u00bbdefault\u00bb global_colors_info=\u00bb{}\u00bb][et_pb_image src=\u00bbhttp:\/\/nepyruibera.rominacechetto.com\/wp-content\/uploads\/2026\/08\/chamame.webp\u00bb title_text=\u00bbchamame\u00bb _builder_version=\u00bb4.27.7&#8243; _module_preset=\u00bbdefault\u00bb width=\u00bb90%\u00bb min_height=\u00bb235px\u00bb border_width_all=\u00bb3px\u00bb border_color_all=\u00bb#0C71C3&#8243; global_colors_info=\u00bb{}\u00bb][\/et_pb_image][\/et_pb_column][et_pb_column type=\u00bb1_4&#8243; _builder_version=\u00bb4.27.7&#8243; _module_preset=\u00bbdefault\u00bb global_colors_info=\u00bb{}\u00bb][et_pb_text _builder_version=\u00bb4.27.7&#8243; _module_preset=\u00bbdefault\u00bb header_3_font=\u00bbDM Serif Display||||||||\u00bb header_3_text_align=\u00bbcenter\u00bb header_3_text_color=\u00bb#061c6d\u00bb header_5_font=\u00bbAveria Serif Libre||||||||\u00bb header_5_text_color=\u00bb#061c6d\u00bb header_5_font_size=\u00bb14px\u00bb header_6_font=\u00bbAveria Serif Libre||||||||\u00bb header_6_text_color=\u00bb#061c6d\u00bb custom_margin=\u00bb|54px|6px|-66px|false|false\u00bb custom_padding=\u00bb18px|7px|26px|2px|false|false\u00bb border_width_all=\u00bb2px\u00bb border_color_all=\u00bb#061c6d\u00bb global_colors_info=\u00bb{}\u00bb]<\/p>\n<h5 class=\"eth-card-dur\">Variable<\/h5>\n<h3>Espect\u00e1culo de Chamam\u00e9<\/h3>\n<h5 style=\"text-align: justify;\">M\u00fasicos y bailarines acompa\u00f1an a los hu\u00e9spedes en una experiencia que conecta con lo m\u00e1s profundo de Corrientes. El chamam\u00e9 en vivo, bajo el cielo del Iber\u00e1, es algo que no se olvida.<\/h5>\n<h5 class=\"eth-card-foot\" style=\"text-align: justify;\"><strong><em><span class=\"eth-badge-inc\">Incluido<\/span><\/em><\/strong><\/h5>\n<p>[\/et_pb_text][\/et_pb_column][\/et_pb_row][\/et_pb_section]<\/p>\n","protected":false},"excerpt":{"rendered":"<p>Experiencias incluidas en tu estad\u00eda Seis maneras de conocer el Iber\u00e1 Todo incluido en tu tarifaEn el aguaAprox. 2 horas Paseo en Lancha Navegaci\u00f3n por el arroyo Carambola en nuestra embarcaci\u00f3n propia, la \u00fanica de su tipo en el portal. El recorrido incluye paradas para avistaje de yacar\u00e9s, carpinchos, ciervos de los pantanos y una [&hellip;]<\/p>\n","protected":false},"author":1,"featured_media":0,"parent":0,"menu_order":0,"comment_status":"closed","ping_status":"closed","template":"","meta":{"_et_pb_use_builder":"on","_et_pb_old_content":"<!-- wp:divi\/placeholder \/-->","_et_gb_content_width":"","_joinchat":[],"footnotes":""},"class_list":["post-163","page","type-page","status-publish","hentry"],"_links":{"self":[{"href":"https:\/\/nepyruibera.rominacechetto.com\/pt\/wp-json\/wp\/v2\/pages\/163","targetHints":{"allow":["GET"]}}],"collection":[{"href":"https:\/\/nepyruibera.rominacechetto.com\/pt\/wp-json\/wp\/v2\/pages"}],"about":[{"href":"https:\/\/nepyruibera.rominacechetto.com\/pt\/wp-json\/wp\/v2\/types\/page"}],"author":[{"embeddable":true,"href":"https:\/\/nepyruibera.rominacechetto.com\/pt\/wp-json\/wp\/v2\/users\/1"}],"replies":[{"embeddable":true,"href":"https:\/\/nepyruibera.rominacechetto.com\/pt\/wp-json\/wp\/v2\/comments?post=163"}],"version-history":[{"count":28,"href":"https:\/\/nepyruibera.rominacechetto.com\/pt\/wp-json\/wp\/v2\/pages\/163\/revisions"}],"predecessor-version":[{"id":594,"href":"https:\/\/nepyruibera.rominacechetto.com\/pt\/wp-json\/wp\/v2\/pages\/163\/revisions\/594"}],"wp:attachment":[{"href":"https:\/\/nepyruibera.rominacechetto.com\/pt\/wp-json\/wp\/v2\/media?parent=163"}],"curies":[{"name":"wp","href":"https:\/\/api.w.org\/{rel}","templated":true}]}}